{"id":3089,"date":"2023-05-19T17:02:54","date_gmt":"2023-05-19T15:02:54","guid":{"rendered":"http:\/\/www.ctvim.fr\/?page_id=3089"},"modified":"2023-05-25T22:17:54","modified_gmt":"2023-05-25T20:17:54","slug":"guide-demballage-poids","status":"publish","type":"page","link":"https:\/\/www.ctvim.fr\/?page_id=3089","title":{"rendered":"Guide d&#8217;emballage des poids"},"content":{"rendered":"\n<div class=\"wp-block-media-text alignwide is-stacked-on-mobile\" style=\"grid-template-columns:15% auto\"><figure class=\"wp-block-media-text__media\"><img loading=\"lazy\" decoding=\"async\" width=\"182\" height=\"295\" src=\"http:\/\/www.ctvim.fr\/wp-content\/uploads\/Monsieur-Poids-1.jpg\" alt=\"\" class=\"wp-image-3095 size-full\"\/><\/figure><div class=\"wp-block-media-text__content\">\n<p>En ces temps de transport incertains&#8230; voici les conseils du petit Poids pour r\u00e9aliser un emballage qui supportera les affres des transporteurs.<\/p>\n\n\n\n<p>Cela ne vous \u00e9vitera pas les pertes de mat\u00e9riels, pensez \u00e0 <strong>assurer vos marchandises <\/strong>\u00e0 valeurs r\u00e9elles.<\/p>\n<\/div><\/div>\n\n\n\n<div class=\"wp-block-media-text alignwide has-media-on-the-right is-stacked-on-mobile\" style=\"grid-template-columns:auto 46%\"><div class=\"wp-block-media-text__content\">\n<p>Veuillez s\u00e9lectionner <strong>une \u00e9paisseur de carton en ad\u00e9quation avec le mat\u00e9riel \u00e0 emballer.<\/strong><\/p>\n<\/div><figure class=\"wp-block-media-text__media\"><img loading=\"lazy\" decoding=\"async\" width=\"655\" height=\"254\" src=\"http:\/\/www.ctvim.fr\/wp-content\/uploads\/Carton-Epaiseur.jpg\" alt=\"\" class=\"wp-image-3092 size-full\" srcset=\"https:\/\/www.ctvim.fr\/wp-content\/uploads\/Carton-Epaiseur.jpg 655w, https:\/\/www.ctvim.fr\/wp-content\/uploads\/Carton-Epaiseur-300x116.jpg 300w, https:\/\/www.ctvim.fr\/wp-content\/uploads\/Carton-Epaiseur-230x89.jpg 230w, https:\/\/www.ctvim.fr\/wp-content\/uploads\/Carton-Epaiseur-350x136.jpg 350w, https:\/\/www.ctvim.fr\/wp-content\/uploads\/Carton-Epaiseur-480x186.jpg 480w\" sizes=\"auto, (max-width: 655px) 100vw, 655px\" \/><\/figure><\/div>\n\n\n\n<p><\/p>\n\n\n\n<div class=\"wp-block-media-text alignwide is-stacked-on-mobile\" style=\"grid-template-columns:61% auto\"><figure class=\"wp-block-media-text__media\"><img loading=\"lazy\" decoding=\"async\" width=\"736\" height=\"231\" src=\"http:\/\/www.ctvim.fr\/wp-content\/uploads\/Carton-Etat.jpg\" alt=\"\" class=\"wp-image-3093 size-full\" srcset=\"https:\/\/www.ctvim.fr\/wp-content\/uploads\/Carton-Etat.jpg 736w, https:\/\/www.ctvim.fr\/wp-content\/uploads\/Carton-Etat-300x94.jpg 300w, https:\/\/www.ctvim.fr\/wp-content\/uploads\/Carton-Etat-230x72.jpg 230w, https:\/\/www.ctvim.fr\/wp-content\/uploads\/Carton-Etat-350x110.jpg 350w, https:\/\/www.ctvim.fr\/wp-content\/uploads\/Carton-Etat-480x151.jpg 480w\" sizes=\"auto, (max-width: 736px) 100vw, 736px\" \/><\/figure><div class=\"wp-block-media-text__content\">\n<p>Veuillez utiliser <strong>un emballage en bon \u00e9tat<\/strong>.<\/p>\n<\/div><\/div>\n\n\n\n<p><\/p>\n\n\n\n<div class=\"wp-block-media-text alignwide has-media-on-the-right is-stacked-on-mobile\" style=\"grid-template-columns:auto 32%\"><div class=\"wp-block-media-text__content\">\n<p>Renforcer le fond du colis \u00e0 partir de 10 kg.<br><strong>Palettiser votre colis \u00e0 partir de 30 kg.<\/strong><br>Le carton ne doit pas d\u00e9passer de la palette.<\/p>\n<\/div><figure class=\"wp-block-media-text__media\"><img loading=\"lazy\" decoding=\"async\" width=\"280\" height=\"259\" src=\"http:\/\/www.ctvim.fr\/wp-content\/uploads\/Carton-Palette.jpg\" alt=\"\" class=\"wp-image-3094 size-full\" srcset=\"https:\/\/www.ctvim.fr\/wp-content\/uploads\/Carton-Palette.jpg 280w, https:\/\/www.ctvim.fr\/wp-content\/uploads\/Carton-Palette-230x213.jpg 230w\" sizes=\"auto, (max-width: 280px) 100vw, 280px\" \/><\/figure><\/div>\n\n\n\n<div class=\"wp-block-media-text alignwide is-stacked-on-mobile\" style=\"grid-template-columns:62% auto\"><figure class=\"wp-block-media-text__media\"><img decoding=\"async\" src=\"http:\/\/www.ctvim.fr\/wp-content\/uploads\/Carton-Rangement.jpg\" alt=\"\" class=\"wp-image-3102 size-full\"\/><\/figure><div class=\"wp-block-media-text__content\">\n<p>Placer les poids et coffrets\/valises <strong>les plus lourds au fond du colis.<\/strong><\/p>\n<\/div><\/div>\n\n\n\n<div class=\"wp-block-media-text alignwide has-media-on-the-right is-stacked-on-mobile\" style=\"grid-template-columns:auto 39%\"><div class=\"wp-block-media-text__content\">\n<p>Le calage est tr\u00e8s important, il doit \u00e9viter le d\u00e9placement des poids dans le colis pendant le transport.<br>Emballez les articles les plus fragiles dans des cartons s\u00e9par\u00e9s avec un rembourrage adapt\u00e9 assurant un bon calage (<strong>les sachets d&rsquo;air r\u00e9sistent rarement aux poids sup\u00e9rieurs \u00e0 quelque kilo<\/strong>).<br>Un poids plac\u00e9 dans un tube doit \u00e9galement \u00eatre cal\u00e9.<\/p>\n<\/div><figure class=\"wp-block-media-text__media\"><img loading=\"lazy\" decoding=\"async\" width=\"387\" height=\"283\" src=\"http:\/\/www.ctvim.fr\/wp-content\/uploads\/Carton-Calage.jpg\" alt=\"\" class=\"wp-image-3090 size-full\" srcset=\"https:\/\/www.ctvim.fr\/wp-content\/uploads\/Carton-Calage.jpg 387w, https:\/\/www.ctvim.fr\/wp-content\/uploads\/Carton-Calage-300x219.jpg 300w, https:\/\/www.ctvim.fr\/wp-content\/uploads\/Carton-Calage-230x168.jpg 230w, https:\/\/www.ctvim.fr\/wp-content\/uploads\/Carton-Calage-350x256.jpg 350w\" sizes=\"auto, (max-width: 387px) 100vw, 387px\" \/><\/figure><\/div>\n\n\n\n<div class=\"wp-block-media-text alignwide is-stacked-on-mobile\" style=\"grid-template-columns:39% auto\"><figure class=\"wp-block-media-text__media\"><img loading=\"lazy\" decoding=\"async\" width=\"296\" height=\"252\" src=\"http:\/\/www.ctvim.fr\/wp-content\/uploads\/Carton-Cerclage.jpg\" alt=\"\" class=\"wp-image-3091 size-full\" srcset=\"https:\/\/www.ctvim.fr\/wp-content\/uploads\/Carton-Cerclage.jpg 296w, https:\/\/www.ctvim.fr\/wp-content\/uploads\/Carton-Cerclage-230x196.jpg 230w\" sizes=\"auto, (max-width: 296px) 100vw, 296px\" \/><\/figure><div class=\"wp-block-media-text__content\">\n<p>Pour fermer le colis, utilisez un ruban adh\u00e9sif renforc\u00e9 et \u00e9tanche \u00e0 l&rsquo;eau d&rsquo;une largeur d&rsquo;au moins 5 cm.<br>Le cas \u00e9ch\u00e9ant, cerclez le colis, l&rsquo;ensemble doit \u00eatre l\u00e9g\u00e8rement sous pression.<\/p>\n<\/div><\/div>\n\n\n\n<div class=\"wp-block-media-text alignwide has-media-on-the-right is-stacked-on-mobile\" style=\"grid-template-columns:auto 15%\"><div class=\"wp-block-media-text__content\">\n<p><strong>ATTENTION<\/strong><\/p>\n\n\n\n<p>Lors de la r\u00e9ception de la marchandise, examinez attentivement l\u2019emballage et n\u2019h\u00e9sitez pas \u00e0 <strong>mettre des r\u00e9serves<\/strong> sur le bon de transport si vous avez un doute, mieux encore, <strong>d\u00e9ballez la marchandise en pr\u00e9sente du livreur<\/strong> afin de formaliser les r\u00e9serves n\u00e9cessaires.<\/p>\n\n\n\n<p>En ce qui concerne les pertes de mat\u00e9riels, prenez contact avec l&rsquo;exp\u00e9diteur pour faire jouer l&rsquo;assurance. Le d\u00e9dommagement sera effectu\u00e9 dans un d\u00e9lai de <strong>quelques semaines \u00e0 de nombreux mois&#8230;<\/strong><\/p>\n<\/div><figure class=\"wp-block-media-text__media\"><img loading=\"lazy\" decoding=\"async\" width=\"211\" height=\"312\" src=\"http:\/\/www.ctvim.fr\/wp-content\/uploads\/Monsieur-Poids-2.jpg\" alt=\"\" class=\"wp-image-3096 size-full\" srcset=\"https:\/\/www.ctvim.fr\/wp-content\/uploads\/Monsieur-Poids-2.jpg 211w, https:\/\/www.ctvim.fr\/wp-content\/uploads\/Monsieur-Poids-2-203x300.jpg 203w\" sizes=\"auto, (max-width: 211px) 100vw, 211px\" \/><\/figure><\/div>\n","protected":false},"excerpt":{"rendered":"<p>En ces temps de transport incertains&#8230; voici les conseils du petit Poids pour r\u00e9aliser un emballage qui supportera les affres des transporteurs. [&hellip;]<\/p>\n","protected":false},"author":2,"featured_media":0,"parent":0,"menu_order":0,"comment_status":"closed","ping_status":"closed","template":"page-templates\/page_fullwidth.php","meta":{"_coblocks_attr":"","_coblocks_dimensions":"","_coblocks_responsive_height":"","_coblocks_accordion_ie_support":"","footnotes":""},"class_list":["post-3089","page","type-page","status-publish","hentry"],"_links":{"self":[{"href":"https:\/\/www.ctvim.fr\/index.php?rest_route=\/wp\/v2\/pages\/3089","targetHints":{"allow":["GET"]}}],"collection":[{"href":"https:\/\/www.ctvim.fr\/index.php?rest_route=\/wp\/v2\/pages"}],"about":[{"href":"https:\/\/www.ctvim.fr\/index.php?rest_route=\/wp\/v2\/types\/page"}],"author":[{"embeddable":true,"href":"https:\/\/www.ctvim.fr\/index.php?rest_route=\/wp\/v2\/users\/2"}],"replies":[{"embeddable":true,"href":"https:\/\/www.ctvim.fr\/index.php?rest_route=%2Fwp%2Fv2%2Fcomments&post=3089"}],"version-history":[{"count":0,"href":"https:\/\/www.ctvim.fr\/index.php?rest_route=\/wp\/v2\/pages\/3089\/revisions"}],"wp:attachment":[{"href":"https:\/\/www.ctvim.fr\/index.php?rest_route=%2Fwp%2Fv2%2Fmedia&parent=3089"}],"curies":[{"name":"wp","href":"https:\/\/api.w.org\/{rel}","templated":true}]}}